{"id":126,"date":"2018-10-24T06:58:45","date_gmt":"2018-10-24T06:58:45","guid":{"rendered":"https:\/\/masmundomaspaismasinclusion.org\/home\/?page_id=126"},"modified":"2025-09-25T23:32:58","modified_gmt":"2025-09-25T23:32:58","slug":"bonos","status":"publish","type":"page","link":"https:\/\/masmundomaspaismasinclusion.org\/home\/bonos\/","title":{"rendered":"Bonos"},"content":{"rendered":"<p style=\"text-align: center;\">[vc_row][vc_column css=\u00bb.vc_custom_1475633812479{padding-right: 80px !important;}\u00bb el_class=\u00bbno-padding-xs\u00bb][vc_empty_space height=\u00bb50px\u00bb][vc_text_separator title=\u00bbPROP\u00d3SITO\u00bb color=\u00bbcustom\u00bb border_width=\u00bb2&#8243;][vc_empty_space height=\u00bb20px\u00bb][vc_column_text]Nuestro prop\u00f3sito es consolidarnos como una fundaci\u00f3n con trabajo integral, dedicada a fortalecer al ser humano y sus entornos en todas sus dimensiones.<\/p>\n<p style=\"text-align: center;\">\nCreemos que al apoyar al n\u00facleo familiar construimos una sociedad m\u00e1s justa, solidaria y consciente del cuidado del medio ambiente y sus recursos, generando estabilidad y bienestar en cada comunidad.<\/p>\n<p style=\"text-align: center;\">\nPara lograrlo, impulsamos proyectos como: Reubicaci\u00f3n a territorios a comunidades, pueblos ancestrales, familias , ni\u00f1os, mujeres y otros a territorios vulnerables. Donaci\u00f3n de insumos a quienes m\u00e1s lo necesitan.<\/p>\n<p style=\"text-align: center;\">\nCreaci\u00f3n de salas cunas para la primera infancia , hogares de acogida, comedores comunitarios entre otros. Unidades productivas y programas de emprendimiento que generan oportunidades reales, capacitaci\u00f3n, acompa\u00f1amiento, apoyo estructural a mujeres, ni\u00f1os y poblaciones e infraestructuras.<\/p>\n<p style=\"text-align: center;\"><b>Nuestro prop\u00f3sito es dejar huella en cada vida, fortaleciendo familias y sembrando futuro para toda la sociedad.<\/b>[\/vc_column_text][vc_empty_space height=\u00bb30px\u00bb][vc_text_separator title=\u00bb\ud83d\udc96 <b>Un Pedacito de Amor, \u00a1Dona con Amor!<\/b>\u00bb color=\u00bbcustom\u00bb border_width=\u00bb2&#8243;][vc_empty_space height=\u00bb20px\u00bb][vc_column_text]<b>Cada coraz\u00f3n de color representa una causa que transforma vidas; Tu aporte, grande o peque\u00f1o, se convierte en esperanza as\u00ed:<\/b>[\/vc_column_text][vc_empty_space height=\u00bb20px\u00bb][\/vc_column][\/vc_row][vc_row][vc_column width=\u00bb1\/3&#8243;][vc_single_image image=\u00bb188&#8243; alignment=\u00bbcenter\u00bb][vc_column_text]<\/p>\n<p style=\"text-align: center;\">Azul Oscuro: Contribuye a la conservaci\u00f3n del agua en todas las presentaciones nuestro recurso m\u00e1s vital.<\/p>\n<p>[\/vc_column_text][\/vc_column][vc_column width=\u00bb1\/3&#8243;][vc_single_image image=\u00bb185&#8243; alignment=\u00bbcenter\u00bb][vc_column_text]<\/p>\n<p style=\"text-align: center;\">Verde: Impulsa la conservaci\u00f3n de todo el manto vegetal, proyectos de guardabosques, siembra de especies que ayudan a los nacimientos paramos ,\u00e1rboles proyectos de reforestaci\u00f3n, modalidad de huertas, proyectos de siembra.<\/p>\n<p>[\/vc_column_text][\/vc_column][vc_column width=\u00bb1\/3&#8243;][vc_single_image image=\u00bb184&#8243; alignment=\u00bbcenter\u00bb][vc_column_text]<\/p>\n<p style=\"text-align: center;\">Azul Celeste: Proyectos preventivos en brindar apoyo en salud f\u00edsica mental en prevenci\u00f3n , as\u00ed como en alimentaci\u00f3n para familias y bridas de salud.<\/p>\n<p>[\/vc_column_text][\/vc_column][\/vc_row][vc_row][vc_column css=\u00bb.vc_custom_1475633812479{padding-right: 80px !important;}\u00bb el_class=\u00bbno-padding-xs\u00bb][vc_empty_space height=\u00bb30px\u00bb][\/vc_column][\/vc_row][vc_row][vc_column width=\u00bb1\/3&#8243;][vc_single_image image=\u00bb187&#8243; alignment=\u00bbcenter\u00bb][vc_column_text]<\/p>\n<p style=\"text-align: center;\">Amarillo: Respalda proyectos de implementaci\u00f3n y dotaci\u00f3n centros hospitalarios, zonas deportivas, vivienda digna,, salas cunas, instituciones educativas y programas de capacitaci\u00f3n para el empleo.<\/p>\n<p>[\/vc_column_text][\/vc_column][vc_column width=\u00bb1\/3&#8243;][vc_single_image image=\u00bb190&#8243; alignment=\u00bbcenter\u00bb][vc_column_text]<\/p>\n<p style=\"text-align: center;\">P\u00farpura: Es el proyecto integral a familias, ni\u00f1os entre otros como resultado de ser v\u00edctima de diferentes violencias entre ellas de g\u00e9nero en hogares de acogida, capacitaci\u00f3n, granjas ,proyectos productivos y emprendimiento.<\/p>\n<p>[\/vc_column_text][\/vc_column][vc_column width=\u00bb1\/3&#8243;][vc_single_image image=\u00bb189&#8243; alignment=\u00bbcenter\u00bb][vc_column_text]<\/p>\n<p style=\"text-align: center;\">Naranja : Impulsa los proyectos de unidades productivas y emprendimiento.<\/p>\n<p>[\/vc_column_text][\/vc_column][\/vc_row][vc_row][vc_column css=\u00bb.vc_custom_1475633812479{padding-right: 80px !important;}\u00bb el_class=\u00bbno-padding-xs\u00bb][vc_empty_space height=\u00bb30px\u00bb][\/vc_column][\/vc_row][vc_row][vc_column width=\u00bb1\/3&#8243;][vc_single_image image=\u00bb187&#8243; alignment=\u00bbcenter\u00bb][vc_column_text]<\/p>\n<p style=\"text-align: center;\">Rojo: Brinda apoyo, en comedores comunitarios y mercados de alimentaci\u00f3n para familias y organizaciones aliadas.<\/p>\n<p>[\/vc_column_text][\/vc_column][vc_column width=\u00bb1\/3&#8243;][vc_single_image image=\u00bb190&#8243; alignment=\u00bbcenter\u00bb][vc_column_text]<\/p>\n<p style=\"text-align: center;\">Rosada: Acompa\u00f1amiento a personas familias con enfermedades de c\u00e1ncer y enfermedades hu\u00e9rfanos.<\/p>\n<p>[\/vc_column_text][\/vc_column][vc_column width=\u00bb1\/3&#8243;][vc_single_image image=\u00bb189&#8243; alignment=\u00bbcenter\u00bb][vc_column_text]<\/p>\n<p style=\"text-align: center;\">Gris: Construcci\u00f3n y infraestructura en Salud, Comercio, Vivienda e Industria<\/p>\n<p>[\/vc_column_text][\/vc_column][\/vc_row][vc_row][vc_column][vc_empty_space height=\u00bb40px\u00bb][vc_text_separator title=\u00bb\ud83d\udc96 Un Pedacito de Amor para los Pueblos Ancestrales\u00bb color=\u00bbcustom\u00bb border_width=\u00bb2&#8243;][vc_empty_space height=\u00bb20px\u00bb][vc_row_inner][vc_column_inner width=\u00bb2\/3&#8243;][vc_column_text]<\/p>\n<p style=\"text-align: right;\">Lanzamos una campa\u00f1a de donaci\u00f3n solidaria para apoyar a los <strong>Pueblos ANCESTRALES<\/strong> de Colombia, guardianes de nuestra historia, cultura y biodiversidad. Recuperaci\u00f3n de costumbres. conocimiento y retorno a territorios.<br \/>\nT\u00fa aporte se transforma en esperanza a trav\u00e9s de proyectos que fortalecen su presente y aseguran su futuro: 1. &#8211; \ud83c\udf33 Guardabosques: protecci\u00f3n de los territorios y conservaci\u00f3n de la naturaleza. 2. &#8211; \u26a1 Energ\u00edas Limpias: acceso a fuentes sostenibles que mejoran su calidad de vida. 3. &#8211; \ud83e\udd57 Seguridad Alimentaria: con productos deshidratados, bancos de semillas y granjas autosostenibles. 4. &#8211; \ud83c\udf10 Conectividad, Tecnolog\u00eda y Cultura: herramientas para divulgar y preservar su identidad ancestral en el mundo actual.[\/vc_column_text][\/vc_column_inner][vc_column_inner width=\u00bb1\/3&#8243;][vc_single_image image=\u00bb226&#8243; alignment=\u00bbcenter\u00bb][\/vc_column_inner][\/vc_row_inner][vc_empty_space height=\u00bb20px\u00bb][\/vc_column][\/vc_row]<\/p>\n","protected":false},"excerpt":{"rendered":"<p>[vc_row][vc_column css=\u00bb.vc_custom_1475633812479{padding-right: 80px !important;}\u00bb el_class=\u00bbno-padding-xs\u00bb][vc_empty_space height=\u00bb50px\u00bb][vc_text_separator title=\u00bbPROP\u00d3SITO\u00bb color=\u00bbcustom\u00bb border_width=\u00bb2&#8243;][vc_empty_space height=\u00bb20px\u00bb][vc_column_text]Nuestro prop\u00f3sito es consolidarnos como una fundaci\u00f3n con trabajo integral, dedicada a fortalecer al ser humano y sus entornos en todas sus dimensiones. Creemos que al apoyar al n\u00facleo familiar construimos una sociedad m\u00e1s justa, solidaria y consciente del cuidado del medio ambiente y sus recursos, generando estabilidad y bienestar en cada comunidad. Para lograrlo, impulsamos proyectos como: Reubicaci\u00f3n a territorios a comunidades, pueblos ancestrales, familias , ni\u00f1os, mujeres y otros a territorios vulnerables. Donaci\u00f3n de insumos a quienes m\u00e1s lo necesitan. Creaci\u00f3n de salas cunas para la primera infancia , hogares de acogida, comedores comunitarios entre otros. Unidades productivas y programas de emprendimiento que generan oportunidades reales, capacitaci\u00f3n, acompa\u00f1amiento, apoyo estructural a mujeres, ni\u00f1os y poblaciones e infraestructuras. Nuestro prop\u00f3sito es dejar huella en cada vida, fortaleciendo familias y sembrando futuro para toda la sociedad.[\/vc_column_text][vc_empty_space height=\u00bb30px\u00bb][vc_text_separator title=\u00bb\ud83d\udc96 Un Pedacito de Amor, \u00a1Dona con Amor!\u00bb color=\u00bbcustom\u00bb border_width=\u00bb2&#8243;][vc_empty_space height=\u00bb20px\u00bb][vc_column_text]Cada coraz\u00f3n de color representa una causa que transforma vidas; Tu aporte, grande o peque\u00f1o, se convierte en esperanza as\u00ed:[\/vc_column_text][vc_empty_space height=\u00bb20px\u00bb][\/vc_column][\/vc_row][vc_row][vc_column width=\u00bb1\/3&#8243;][vc_single_image image=\u00bb188&#8243; alignment=\u00bbcenter\u00bb][vc_column_text] Azul Oscuro: Contribuye a la conservaci\u00f3n del agua en todas las presentaciones nuestro recurso m\u00e1s vital. [\/vc_column_text][\/vc_column][vc_column width=\u00bb1\/3&#8243;][vc_single_image image=\u00bb185&#8243; alignment=\u00bbcenter\u00bb][vc_column_text] Verde: Impulsa la conservaci\u00f3n de todo el manto vegetal, proyectos de guardabosques, siembra de especies que ayudan a los nacimientos paramos ,\u00e1rboles proyectos de reforestaci\u00f3n, modalidad de huertas, proyectos de siembra. [\/vc_column_text][\/vc_column][vc_column width=\u00bb1\/3&#8243;][vc_single_image image=\u00bb184&#8243; alignment=\u00bbcenter\u00bb][vc_column_text] Azul Celeste: Proyectos preventivos en brindar apoyo en salud f\u00edsica mental en prevenci\u00f3n , as\u00ed como en alimentaci\u00f3n para familias y bridas de salud. [\/vc_column_text][\/vc_column][\/vc_row][vc_row][vc_column css=\u00bb.vc_custom_1475633812479{padding-right: 80px !important;}\u00bb el_class=\u00bbno-padding-xs\u00bb][vc_empty_space height=\u00bb30px\u00bb][\/vc_column][\/vc_row][vc_row][vc_column width=\u00bb1\/3&#8243;][vc_single_image image=\u00bb187&#8243; alignment=\u00bbcenter\u00bb][vc_column_text] Amarillo: Respalda proyectos de implementaci\u00f3n y dotaci\u00f3n centros hospitalarios, zonas deportivas, vivienda digna,, salas cunas, instituciones educativas y programas de capacitaci\u00f3n para el empleo. [\/vc_column_text][\/vc_column][vc_column width=\u00bb1\/3&#8243;][vc_single_image image=\u00bb190&#8243; alignment=\u00bbcenter\u00bb][vc_column_text] P\u00farpura: Es el proyecto integral a familias, ni\u00f1os entre otros como resultado de ser v\u00edctima de diferentes violencias entre ellas de g\u00e9nero en hogares de acogida, capacitaci\u00f3n, granjas ,proyectos productivos y emprendimiento. [\/vc_column_text][\/vc_column][vc_column width=\u00bb1\/3&#8243;][vc_single_image image=\u00bb189&#8243; alignment=\u00bbcenter\u00bb][vc_column_text] Naranja : Impulsa los proyectos de unidades productivas y emprendimiento. [\/vc_column_text][\/vc_column][\/vc_row][vc_row][vc_column css=\u00bb.vc_custom_1475633812479{padding-right: 80px !important;}\u00bb el_class=\u00bbno-padding-xs\u00bb][vc_empty_space height=\u00bb30px\u00bb][\/vc_column][\/vc_row][vc_row][vc_column width=\u00bb1\/3&#8243;][vc_single_image image=\u00bb187&#8243; [&hellip;]<\/p>\n","protected":false},"author":1,"featured_media":0,"parent":0,"menu_order":0,"comment_status":"closed","ping_status":"closed","template":"","meta":{"footnotes":""},"class_list":["post-126","page","type-page","status-publish","hentry"],"_links":{"self":[{"href":"https:\/\/masmundomaspaismasinclusion.org\/home\/wp-json\/wp\/v2\/pages\/126","targetHints":{"allow":["GET"]}}],"collection":[{"href":"https:\/\/masmundomaspaismasinclusion.org\/home\/wp-json\/wp\/v2\/pages"}],"about":[{"href":"https:\/\/masmundomaspaismasinclusion.org\/home\/wp-json\/wp\/v2\/types\/page"}],"author":[{"embeddable":true,"href":"https:\/\/masmundomaspaismasinclusion.org\/home\/wp-json\/wp\/v2\/users\/1"}],"replies":[{"embeddable":true,"href":"https:\/\/masmundomaspaismasinclusion.org\/home\/wp-json\/wp\/v2\/comments?post=126"}],"version-history":[{"count":53,"href":"https:\/\/masmundomaspaismasinclusion.org\/home\/wp-json\/wp\/v2\/pages\/126\/revisions"}],"predecessor-version":[{"id":372,"href":"https:\/\/masmundomaspaismasinclusion.org\/home\/wp-json\/wp\/v2\/pages\/126\/revisions\/372"}],"wp:attachment":[{"href":"https:\/\/masmundomaspaismasinclusion.org\/home\/wp-json\/wp\/v2\/media?parent=126"}],"curies":[{"name":"wp","href":"https:\/\/api.w.org\/{rel}","templated":true}]}}